{"id":72973,"date":"2026-01-04T18:23:37","date_gmt":"2026-01-04T18:23:37","guid":{"rendered":"https:\/\/mitjavilaslowshop.com\/producte\/pinya-semideshidratada-sense-sucre\/"},"modified":"2026-03-17T13:50:52","modified_gmt":"2026-03-17T13:50:52","slug":"pia-semideshidratada-sin-azucar","status":"publish","type":"product","link":"https:\/\/mitjavilaslowshop.com\/es\/producte\/pia-semideshidratada-sin-azucar\/","title":{"rendered":"PI\u00d1A SEMIDESHIDRATADA SIN AZ\u00daCAR"},"content":{"rendered":"<p>Una fruta tropical exquisita que mantiene su sabor aut\u00e9ntico y textura suave gracias a un proceso de semideshidrataci\u00f3n. Elaborada con pi\u00f1a de alta calidad, sin aditivos ni az\u00facares a\u00f1adidos, es ideal para disfrutar cuidando tu salud sin sacrificar el sabor.<br \/> Perfecta como snack saludable entre comidas, para a\u00f1adir a yogures, cereales y ensaladas, o para dar un toque tropical a postres y platos salados.<\/p>\n<p> Beneficios:<\/p>\n<p> Alta en fibra y vitamina C.<br \/> Fuente natural de energ\u00eda para tu rutina diaria.<\/p>\n","protected":false},"excerpt":{"rendered":"<p>Una fruta tropical exquisita que mantiene su sabor aut\u00e9ntico y textura suave gracias a un proceso de semideshidrataci\u00f3n. Elaborada con pi\u00f1a de alta calidad, sin aditivos ni az\u00facares a\u00f1adidos, es ideal para disfrutar cuidando tu salud sin sacrificar el sabor. Perfecta como snack saludable entre comidas, para a\u00f1adir a yogures, cereales y ensaladas, o para dar un toque tropical a postres y platos salados. Beneficios: Alta en fibra y vitamina C. Fuente natural de energ\u00eda para tu rutina diaria.<\/p>\n","protected":false},"featured_media":72974,"comment_status":"open","ping_status":"closed","template":"","meta":{"_acf_changed":false,"_joinchat":[]},"product_brand":[440,573],"product_cat":[351],"product_tag":[],"class_list":{"0":"post-72973","1":"product","2":"type-product","3":"status-publish","4":"has-post-thumbnail","6":"product_brand-ecologic","7":"product_brand-vega","8":"product_cat-frutas-y-caramelos","9":"categoria-per-dieta-ecologic","10":"categoria-per-dieta-vega","12":"first","13":"instock","14":"taxable","15":"shipping-taxable","16":"purchasable","17":"product-type-variable"},"acf":[],"_links":{"self":[{"href":"https:\/\/mitjavilaslowshop.com\/es\/wp-json\/wp\/v2\/product\/72973","targetHints":{"allow":["GET"]}}],"collection":[{"href":"https:\/\/mitjavilaslowshop.com\/es\/wp-json\/wp\/v2\/product"}],"about":[{"href":"https:\/\/mitjavilaslowshop.com\/es\/wp-json\/wp\/v2\/types\/product"}],"replies":[{"embeddable":true,"href":"https:\/\/mitjavilaslowshop.com\/es\/wp-json\/wp\/v2\/comments?post=72973"}],"version-history":[{"count":6,"href":"https:\/\/mitjavilaslowshop.com\/es\/wp-json\/wp\/v2\/product\/72973\/revisions"}],"predecessor-version":[{"id":81687,"href":"https:\/\/mitjavilaslowshop.com\/es\/wp-json\/wp\/v2\/product\/72973\/revisions\/81687"}],"wp:featuredmedia":[{"embeddable":true,"href":"https:\/\/mitjavilaslowshop.com\/es\/wp-json\/wp\/v2\/media\/72974"}],"wp:attachment":[{"href":"https:\/\/mitjavilaslowshop.com\/es\/wp-json\/wp\/v2\/media?parent=72973"}],"wp:term":[{"taxonomy":"product_brand","embeddable":true,"href":"https:\/\/mitjavilaslowshop.com\/es\/wp-json\/wp\/v2\/product_brand?post=72973"},{"taxonomy":"product_cat","embeddable":true,"href":"https:\/\/mitjavilaslowshop.com\/es\/wp-json\/wp\/v2\/product_cat?post=72973"},{"taxonomy":"product_tag","embeddable":true,"href":"https:\/\/mitjavilaslowshop.com\/es\/wp-json\/wp\/v2\/product_tag?post=72973"}],"curies":[{"name":"wp","href":"https:\/\/api.w.org\/{rel}","templated":true}]}}